{"id":1437,"date":"2023-06-07T23:59:37","date_gmt":"2023-06-07T21:59:37","guid":{"rendered":"https:\/\/fehervariprogram.hu\/jegy\/?post_type=product&#038;p=1437"},"modified":"2023-06-25T20:08:37","modified_gmt":"2023-06-25T18:08:37","slug":"nyaresti-vigadalom-2023","status":"publish","type":"product","link":"https:\/\/fehervariprogram.hu\/jegy\/rendeles\/nyaresti-vigadalom-2023\/","title":{"rendered":"Ny\u00e1resti vigadalom Buch Tiborral (2023. j\u00fanius 25., vas\u00e1rnap 19.30)"},"content":{"rendered":"<p>A k\u00f6z\u00f6ns\u00e9gkedvenc Buch Tibor \u00e9vek \u00f3ta visszaj\u00e1r az \u00d6reghegyi K\u00f6z\u00f6ss\u00e9gi H\u00e1zba \u2013 az \u00e9nekes-sz\u00edn\u00e9sz hossz\u00fa ideig volt a V\u00f6r\u00f6smarty Sz\u00ednh\u00e1z t\u00e1rsulat\u00e1nak tagja, a feh\u00e9rv\u00e1ri \u00e9vek alatt t\u00f6bb nagy siker\u0171 darabban j\u00e1tszott, a n\u00e9z\u0151k 2009-ben \u0151t v\u00e1lasztott\u00e1k a legjobb sz\u00edn\u00e9sznek, \u00edgy \u00f6v\u00e9 lett a Fej\u00e9r Megyei H\u00edrlap Aranyalma d\u00edja, 2010-ben pedig Pro Theatro Civitatis Albae Regalis d\u00edjat kapott.<\/p>\n<p>Buch Tibor minden alkalommal vend\u00e9get is h\u00edv maga mell\u00e9: fell\u00e9pett m\u00e1r a hangulatos kert sz\u00ednpad\u00e1n t\u00f6bbek k\u00f6z\u00f6tt F\u00fcredi Nikolett, Ko\u00f3s R\u00e9ka, Szab\u00f3 No\u00e9mi, K\u00f6ll\u0151 Babett, G\u00f6th P\u00e9ter, Szeles J\u00f3zsef, Csengeri Attila, Vastag Tam\u00e1s \u00e9s Gergely R\u00f3bert is \u2013 id\u00e9n ny\u00e1ron L\u0151rincz Judit opera\u00e9nekes \u00e9rkezik majd az \u00d6reghegyre, hogy Buch Tiborral k\u00f6z\u00f6sen eml\u00e9kezetes \u00e9lm\u00e9nnyel aj\u00e1nd\u00e9kozza meg a k\u00f6z\u00f6ns\u00e9get \u2013 erre a m\u0171sorban hallhat\u00f3 \u00f6r\u00f6kz\u00f6ld dallamok, a megunhatatlan musical- \u00e9s operettsl\u00e1gerek adnak garanci\u00e1t.<\/p>\n<p>L\u0151rincz Judit Buch Tibor partnere volt a Szolnokon bemutatott nagy siker\u0171 V\u00edg \u00f6zvegy c\u00edm\u0171 el\u0151ad\u00e1sban, \u00e9s egy\u00fctt dolgoztak egy m\u00e1sik klasszikus operettben, a Cirkuszhercegn\u0151ben is. Az \u00e9nekesn\u0151 a szegedi konzervat\u00f3rium ut\u00e1n el\u0151bb M\u00fcnchenben tanult, majd a frankfurti zeneakad\u00e9mi\u00e1n szerzett opera\u00e9nekesi diplom\u00e1t. Tizenk\u00e9t \u00e9vig \u00e9lt Ausztr\u00e1li\u00e1ban, hazat\u00e9rve 2009-ben szerz\u0151dtette a Magyar \u00c1llami Operah\u00e1z, ahol az \u00c9j kir\u00e1lyn\u0151j\u00e9t \u00e9nekelte. Rendszeresen fell\u00e9p Szolnokon, Gy\u0151rben, Budapesten, operasz\u00ednpadon \u00e9s koncerteken egyar\u00e1nt.<br \/>\nAz esten k\u00f6zrem\u0171k\u00f6dik Horv\u00e1th Elem\u00e9r \u201eEmi\u201d \u00e9s testv\u00e9re, Horv\u00e1th P\u00e9ter, \u0151k k\u00eds\u00e9rik heged\u0171n \u00e9s zongor\u00e1n a k\u00e9t \u00e9nekest.<\/p>\n<p>A ny\u00e1resti vigadalom j\u00fanius 25-\u00e9n, vas\u00e1rnap 19.30-kor kezd\u0151dik, A rendezv\u00e9ny es\u0151napja j\u00falius 2., vas\u00e1rnap. Jegyek online a www.fehervariprogram.hu\/jegy oldalon, szem\u00e9lyesen a Sz\u00e9kesfeh\u00e9rv\u00e1ri K\u00f6z\u00f6ss\u00e9gi \u00e9s Kultur\u00e1lis K\u00f6zpont F\u00fcrd\u0151 sori \u00e9p\u00fclet\u00e9ben, h\u00e9tf\u0151t\u0151l p\u00e9ntekig 8.00\u201316.00 \u00f3ra k\u00f6z\u00f6tt, valamint \u2013 amennyiben az el\u0151v\u00e9tel ut\u00e1n m\u00e9g maradnak jegyek \u2013 el\u0151ad\u00e1s el\u0151tt a helysz\u00ednen v\u00e1lthat\u00f3k k\u00e9szp\u00e9nzben vagy bankk\u00e1rty\u00e1val. Bel\u00e9p\u0151: 2 000 Ft, di\u00e1k- \u00e9s nyugd\u00edjasjegy: 1 800 Ft<\/p>\n<p><a href=\"https:\/\/fehervariprogram.hu\/jegy\/wp-content\/uploads\/nyaresti_2023.pdf\">Jegyv\u00e1s\u00e1rl\u00e1si t\u00e1j\u00e9koztat\u00f3<\/a><\/p>\n","protected":false},"excerpt":{"rendered":"<p><strong>Az online jegy\u00e9rt\u00e9kes\u00edt\u00e9s lez\u00e1rult. Tov\u00e1bbi jegyek korl\u00e1tozott sz\u00e1mban a helysz\u00edni jegyp\u00e9nzt\u00e1rban v\u00e1lthat\u00f3k.<\/strong><\/p>\n<p>Helysz\u00edn:<br \/>\n\u00d6reghegyi K\u00f6z\u00f6ss\u00e9gi H\u00e1z<br \/>\nSz\u00e9kesfeh\u00e9rv\u00e1r, Fisk\u00e1lis \u00fat 93.<\/p>\n","protected":false},"featured_media":1441,"template":"","meta":[],"product_brand":[],"product_cat":[17],"product_tag":[],"class_list":{"0":"post-1437","1":"product","2":"type-product","3":"status-publish","4":"has-post-thumbnail","6":"product_cat-nyaresti-vigadalom","8":"first","9":"outofstock","10":"shipping-taxable","11":"purchasable","12":"product-type-variable","13":"has-default-attributes"},"_links":{"self":[{"href":"https:\/\/fehervariprogram.hu\/jegy\/wp-json\/wp\/v2\/product\/1437","targetHints":{"allow":["GET"]}}],"collection":[{"href":"https:\/\/fehervariprogram.hu\/jegy\/wp-json\/wp\/v2\/product"}],"about":[{"href":"https:\/\/fehervariprogram.hu\/jegy\/wp-json\/wp\/v2\/types\/product"}],"wp:featuredmedia":[{"embeddable":true,"href":"https:\/\/fehervariprogram.hu\/jegy\/wp-json\/wp\/v2\/media\/1441"}],"wp:attachment":[{"href":"https:\/\/fehervariprogram.hu\/jegy\/wp-json\/wp\/v2\/media?parent=1437"}],"wp:term":[{"taxonomy":"product_brand","embeddable":true,"href":"https:\/\/fehervariprogram.hu\/jegy\/wp-json\/wp\/v2\/product_brand?post=1437"},{"taxonomy":"product_cat","embeddable":true,"href":"https:\/\/fehervariprogram.hu\/jegy\/wp-json\/wp\/v2\/product_cat?post=1437"},{"taxonomy":"product_tag","embeddable":true,"href":"https:\/\/fehervariprogram.hu\/jegy\/wp-json\/wp\/v2\/product_tag?post=1437"}],"curies":[{"name":"wp","href":"https:\/\/api.w.org\/{rel}","templated":true}]}}